{"id":343,"date":"2021-04-06T15:04:41","date_gmt":"2021-04-06T15:04:41","guid":{"rendered":"https:\/\/www.gitedurancdefigere.fr\/?page_id=343"},"modified":"2025-11-22T16:24:53","modified_gmt":"2025-11-22T16:24:53","slug":"tarifs","status":"publish","type":"page","link":"https:\/\/www.gitedurancdefigere.fr\/?page_id=343","title":{"rendered":"Tarifs"},"content":{"rendered":"\t\t<div data-elementor-type=\"wp-page\" data-elementor-id=\"343\" class=\"elementor elementor-343\" data-elementor-settings=\"[]\">\n\t\t\t\t\t\t\t<div class=\"elementor-section-wrap\">\n\t\t\t\t\t\t\t<section class=\"elementor-section elementor-top-section elementor-element elementor-element-90cc392 elementor-section-boxed elementor-section-height-default elementor-section-height-default\" data-id=\"90cc392\" data-element_type=\"section\" data-settings=\"{&quot;background_background&quot;:&quot;classic&quot;}\">\n\t\t\t\t\t\t\t<div class=\"elementor-background-overlay\"><\/div>\n\t\t\t\t\t\t\t<div class=\"elementor-container elementor-column-gap-default\">\n\t\t\t\t\t<div class=\"elementor-column elementor-col-100 elementor-top-column elementor-element elementor-element-ae37839\" data-id=\"ae37839\" data-element_type=\"column\">\n\t\t\t<div class=\"elementor-widget-wrap elementor-element-populated\">\n\t\t\t\t\t\t\t\t\t<\/div>\n\t\t<\/div>\n\t\t\t\t\t\t\t<\/div>\n\t\t<\/section>\n\t\t\t\t<section class=\"elementor-section elementor-top-section elementor-element elementor-element-ade53ee elementor-section-boxed elementor-section-height-default elementor-section-height-default\" data-id=\"ade53ee\" data-element_type=\"section\">\n\t\t\t\t\t\t<div class=\"elementor-container elementor-column-gap-default\">\n\t\t\t\t\t<div class=\"elementor-column elementor-col-100 elementor-top-column elementor-element elementor-element-fcea0bc\" data-id=\"fcea0bc\" data-element_type=\"column\">\n\t\t\t<div class=\"elementor-widget-wrap elementor-element-populated\">\n\t\t\t\t\t\t\t\t<div class=\"elementor-element elementor-element-335ce0c elementor-widget elementor-widget-text-editor\" data-id=\"335ce0c\" data-element_type=\"widget\" data-widget_type=\"text-editor.default\">\n\t\t\t\t<div class=\"elementor-widget-container\">\n\t\t\t\t\t<div class=\"elementor-text-editor elementor-clearfix\"><p><strong>R\u00e9servez en toute confiance directement aupr\u00e8s du propri\u00e9taire.<\/strong><br \/>Vous \u00e9vitez des frais de 15 % de paiement en ligne exig\u00e9s par les grandes plateformes.<br \/>Notre g\u00eete est class\u00e9 meubl\u00e9 de tourisme 4 \u00e9toiles depuis 2005.<\/p><\/div>\n\t\t\t\t<\/div>\n\t\t\t\t<\/div>\n\t\t\t\t<div class=\"elementor-element elementor-element-e8f2e09 elementor-widget elementor-widget-heading\" data-id=\"e8f2e09\" data-element_type=\"widget\" data-widget_type=\"heading.default\">\n\t\t\t\t<div class=\"elementor-widget-container\">\n\t\t\t<h1 class=\"elementor-heading-title elementor-size-large\"><u><b>Tarif 2026 par semaine (\u20acuro)<\/b><\/u> <br><br><\/h1>\t\t<\/div>\n\t\t\t\t<\/div>\n\t\t\t\t<div class=\"elementor-element elementor-element-2bbbd51 elementor-widget elementor-widget-heading\" data-id=\"2bbbd51\" data-element_type=\"widget\" data-widget_type=\"heading.default\">\n\t\t\t\t<div class=\"elementor-widget-container\">\n\t\t\t<h2 class=\"elementor-heading-title elementor-size-large\"><br>[6\/04\u201323\/05]+[26\/09\u201331\/10] :<b>1396\u20ac<\/b><br><br>  [23\/05 - 13\/06] + [12\/09-26\/09] :<b>1535\u20ac<\/b><br><br>  [13\/06 - 20\/06] + [05\/09-12\/09] :<b>1735\u20ac<\/b><br><br>  [20\/06 - 27\/06]+(29\/08-5\/09) :<b>2090\u20ac<\/b><br><br>  [04\/07 - 11\/07] + [22\/08-29\/08] :<b>2595\u20ac<\/b><br><br>  [11\/07 - 22\/08] : <b>2795\u20ac<\/b><br><br><u><b>Piscine\/Pool:<\/b><\/u>   23\/05  ---&gt; 27\/09\/<\/h2>\t\t<\/div>\n\t\t\t\t<\/div>\n\t\t\t\t\t<\/div>\n\t\t<\/div>\n\t\t\t\t\t\t\t<\/div>\n\t\t<\/section>\n\t\t\t\t<section class=\"elementor-section elementor-top-section elementor-element elementor-element-4656f90 elementor-section-boxed elementor-section-height-default elementor-section-height-default\" data-id=\"4656f90\" data-element_type=\"section\">\n\t\t\t\t\t\t<div class=\"elementor-container elementor-column-gap-default\">\n\t\t\t\t\t<div class=\"elementor-column elementor-col-100 elementor-top-column elementor-element elementor-element-1268024\" data-id=\"1268024\" data-element_type=\"column\">\n\t\t\t<div class=\"elementor-widget-wrap elementor-element-populated\">\n\t\t\t\t\t\t\t\t<div class=\"elementor-element elementor-element-d6b9955 elementor-widget elementor-widget-text-editor\" data-id=\"d6b9955\" data-element_type=\"widget\" data-widget_type=\"text-editor.default\">\n\t\t\t\t<div class=\"elementor-widget-container\">\n\t\t\t\t\t<div class=\"elementor-text-editor elementor-clearfix\"><h6 style=\"text-align: left; padding-left: 40px;\"><span style=\"color: #808080;\">&#8211; Les services suivants sont inclus dans le tarif : Accueil personnalis\u00e9, bouteille de ros\u00e9 de bienvenue, entretien des bassins par notre pisciniste chaque vendredi, eau, \u00e9lectricit\u00e9, chauffage .<\/span><\/h6>\n<h6 style=\"text-align: left; padding-left: 40px;\"><span style=\"color: #808080;\">&#8211; non inclus: m\u00e9nage 180\u20ac (250m2) r\u00e9alis\u00e9 pour des raisons sanitaires par un prestataire respectant les r\u00e8gles d&rsquo;hygi\u00e8ne strictes. le&nbsp; linge de maison (draps et serviettes de toilette) est en option \u00e0 17\u20ac\/personne. <br><\/span><\/h6>\n<h6 style=\"text-align: left; padding-left: 40px;\"><span style=\"color: #808080;\">-Nos amis les Animaux ne sont pas souhait\u00e9s sauf accord pr\u00e9alable avec nous en fonction de la taille de votre ami de compagnie.<\/span><\/h6><\/div>\n\t\t\t\t<\/div>\n\t\t\t\t<\/div>\n\t\t\t\t\t<\/div>\n\t\t<\/div>\n\t\t\t\t\t\t\t<\/div>\n\t\t<\/section>\n\t\t\t\t<section class=\"elementor-section elementor-top-section elementor-element elementor-element-85a597c elementor-section-boxed elementor-section-height-default elementor-section-height-default\" data-id=\"85a597c\" data-element_type=\"section\">\n\t\t\t\t\t\t<div class=\"elementor-container elementor-column-gap-default\">\n\t\t\t\t\t<div class=\"elementor-column elementor-col-100 elementor-top-column elementor-element elementor-element-1dd2b40\" data-id=\"1dd2b40\" data-element_type=\"column\">\n\t\t\t<div class=\"elementor-widget-wrap elementor-element-populated\">\n\t\t\t\t\t\t\t\t<section class=\"elementor-section elementor-inner-section elementor-element elementor-element-5fe86f8 elementor-section-boxed elementor-section-height-default elementor-section-height-default\" data-id=\"5fe86f8\" data-element_type=\"section\">\n\t\t\t\t\t\t<div class=\"elementor-container elementor-column-gap-default\">\n\t\t\t\t\t<div class=\"elementor-column elementor-col-100 elementor-inner-column elementor-element elementor-element-5756042\" data-id=\"5756042\" data-element_type=\"column\">\n\t\t\t<div class=\"elementor-widget-wrap elementor-element-populated\">\n\t\t\t\t\t\t\t\t<div class=\"elementor-element elementor-element-330bea7 elementor-widget elementor-widget-heading\" data-id=\"330bea7\" data-element_type=\"widget\" data-widget_type=\"heading.default\">\n\t\t\t\t<div class=\"elementor-widget-container\">\n\t\t\t<h2 class=\"elementor-heading-title elementor-size-default\">Comment r\u00e9server?<\/h2>\t\t<\/div>\n\t\t\t\t<\/div>\n\t\t\t\t<div class=\"elementor-element elementor-element-20bf850 elementor-widget elementor-widget-text-editor\" data-id=\"20bf850\" data-element_type=\"widget\" data-widget_type=\"text-editor.default\">\n\t\t\t\t<div class=\"elementor-widget-container\">\n\t\t\t\t\t<div class=\"elementor-text-editor elementor-clearfix\"><ol><li>Contactez nous par email ou par t\u00e9l\u00e9phone.<\/li><li>Nous vous enverrons un contrat avec les conditions g\u00e9n\u00e9rales.<\/li><li>Vous nous renvoyez les documents remplis et sign\u00e9s par email ou par courrier avec les arrhes par ch\u00e8que ou par transfert bancaire.<\/li><li>Nous vous retournons un plan d&rsquo;acc\u00e8s, une quittance et une facture que vous r\u00e8glerez au choix sur place \u00e0 votre arriv\u00e9e ou un mois avant par transfert bancaire<\/li><\/ol><\/div>\n\t\t\t\t<\/div>\n\t\t\t\t<\/div>\n\t\t\t\t\t<\/div>\n\t\t<\/div>\n\t\t\t\t\t\t\t<\/div>\n\t\t<\/section>\n\t\t\t\t\t<\/div>\n\t\t<\/div>\n\t\t\t\t\t\t\t<\/div>\n\t\t<\/section>\n\t\t\t\t\t\t<\/div>\n\t\t\t\t\t<\/div>\n\t\t","protected":false},"excerpt":{"rendered":"<p>R\u00e9servez en toute confiance directement aupr\u00e8s du propri\u00e9taire.Vous \u00e9vitez des frais de 15 % de paiement en ligne exig\u00e9s par les grandes plateformes.Notre g\u00eete est class\u00e9 meubl\u00e9 de tourisme 4 \u00e9toiles depuis 2005. Tarif 2026 par semaine (\u20acuro) [6\/04\u201323\/05]+[26\/09\u201331\/10] :1396\u20ac [23\/05 &#8211; 13\/06] + [12\/09-26\/09] :1535\u20ac [13\/06 &#8211; 20\/06] + [05\/09-12\/09] :1735\u20ac [20\/06 &#8211; 27\/06]+(29\/08-5\/09) &hellip;<\/p>\n<p class=\"read-more\"> <a class=\"\" href=\"https:\/\/www.gitedurancdefigere.fr\/?page_id=343\"> <span class=\"screen-reader-text\">Tarifs<\/span> Lire la suite\u00a0\u00bb<\/a><\/p>\n","protected":false},"author":1,"featured_media":0,"parent":0,"menu_order":0,"comment_status":"closed","ping_status":"closed","template":"","meta":{"footnotes":""},"class_list":["post-343","page","type-page","status-publish","hentry"],"yoast_head":"<!-- This site is optimized with the Yoast SEO plugin v27.5 - https:\/\/yoast.com\/product\/yoast-seo-wordpress\/ -->\n<title>Tarifs - Gitedurancdefigere<\/title>\n<meta name=\"robots\" content=\"index, follow, max-snippet:-1, max-image-preview:large, max-video-preview:-1\" \/>\n<link rel=\"canonical\" href=\"https:\/\/www.gitedurancdefigere.fr\/?page_id=343\" \/>\n<meta property=\"og:locale\" content=\"fr_FR\" \/>\n<meta property=\"og:type\" content=\"article\" \/>\n<meta property=\"og:title\" content=\"Tarifs - Gitedurancdefigere\" \/>\n<meta property=\"og:description\" content=\"R\u00e9servez en toute confiance directement aupr\u00e8s du propri\u00e9taire.Vous \u00e9vitez des frais de 15 % de paiement en ligne exig\u00e9s par les grandes plateformes.Notre g\u00eete est class\u00e9 meubl\u00e9 de tourisme 4 \u00e9toiles depuis 2005. Tarif 2026 par semaine (\u20acuro) [6\/04\u201323\/05]+[26\/09\u201331\/10] :1396\u20ac [23\/05 &#8211; 13\/06] + [12\/09-26\/09] :1535\u20ac [13\/06 &#8211; 20\/06] + [05\/09-12\/09] :1735\u20ac [20\/06 &#8211; 27\/06]+(29\/08-5\/09) &hellip; Tarifs Lire la suite\u00a0\u00bb\" \/>\n<meta property=\"og:url\" content=\"https:\/\/www.gitedurancdefigere.fr\/?page_id=343\" \/>\n<meta property=\"og:site_name\" content=\"Gitedurancdefigere\" \/>\n<meta property=\"article:modified_time\" content=\"2025-11-22T16:24:53+00:00\" \/>\n<meta name=\"twitter:card\" content=\"summary_large_image\" \/>\n<meta name=\"twitter:label1\" content=\"Dur\u00e9e de lecture estim\u00e9e\" \/>\n\t<meta name=\"twitter:data1\" content=\"2 minutes\" \/>\n<script type=\"application\/ld+json\" class=\"yoast-schema-graph\">{\"@context\":\"https:\\\/\\\/schema.org\",\"@graph\":[{\"@type\":\"WebPage\",\"@id\":\"https:\\\/\\\/www.gitedurancdefigere.fr\\\/?page_id=343\",\"url\":\"https:\\\/\\\/www.gitedurancdefigere.fr\\\/?page_id=343\",\"name\":\"Tarifs - Gitedurancdefigere\",\"isPartOf\":{\"@id\":\"https:\\\/\\\/www.gitedurancdefigere.fr\\\/#website\"},\"datePublished\":\"2021-04-06T15:04:41+00:00\",\"dateModified\":\"2025-11-22T16:24:53+00:00\",\"breadcrumb\":{\"@id\":\"https:\\\/\\\/www.gitedurancdefigere.fr\\\/?page_id=343#breadcrumb\"},\"inLanguage\":\"fr-FR\",\"potentialAction\":[{\"@type\":\"ReadAction\",\"target\":[\"https:\\\/\\\/www.gitedurancdefigere.fr\\\/?page_id=343\"]}]},{\"@type\":\"BreadcrumbList\",\"@id\":\"https:\\\/\\\/www.gitedurancdefigere.fr\\\/?page_id=343#breadcrumb\",\"itemListElement\":[{\"@type\":\"ListItem\",\"position\":1,\"name\":\"Accueil\",\"item\":\"https:\\\/\\\/www.gitedurancdefigere.fr\\\/\"},{\"@type\":\"ListItem\",\"position\":2,\"name\":\"Tarifs\"}]},{\"@type\":\"WebSite\",\"@id\":\"https:\\\/\\\/www.gitedurancdefigere.fr\\\/#website\",\"url\":\"https:\\\/\\\/www.gitedurancdefigere.fr\\\/\",\"name\":\"Gite du Ranc de Fig\u00e8re\",\"description\":\"Gite du Ranc de Fig\u00e8re\",\"publisher\":{\"@id\":\"https:\\\/\\\/www.gitedurancdefigere.fr\\\/#organization\"},\"potentialAction\":[{\"@type\":\"SearchAction\",\"target\":{\"@type\":\"EntryPoint\",\"urlTemplate\":\"https:\\\/\\\/www.gitedurancdefigere.fr\\\/?s={search_term_string}\"},\"query-input\":{\"@type\":\"PropertyValueSpecification\",\"valueRequired\":true,\"valueName\":\"search_term_string\"}}],\"inLanguage\":\"fr-FR\"},{\"@type\":\"Organization\",\"@id\":\"https:\\\/\\\/www.gitedurancdefigere.fr\\\/#organization\",\"name\":\"G\u00eete du Ranc de Fig\u00e8re\",\"url\":\"https:\\\/\\\/www.gitedurancdefigere.fr\\\/\",\"logo\":{\"@type\":\"ImageObject\",\"inLanguage\":\"fr-FR\",\"@id\":\"https:\\\/\\\/www.gitedurancdefigere.fr\\\/#\\\/schema\\\/logo\\\/image\\\/\",\"url\":\"https:\\\/\\\/www.gitedurancdefigere.fr\\\/wp-content\\\/uploads\\\/2021\\\/04\\\/Capture.JPG-9-avril-21-22h.jpg\",\"contentUrl\":\"https:\\\/\\\/www.gitedurancdefigere.fr\\\/wp-content\\\/uploads\\\/2021\\\/04\\\/Capture.JPG-9-avril-21-22h.jpg\",\"width\":961,\"height\":745,\"caption\":\"G\u00eete du Ranc de Fig\u00e8re\"},\"image\":{\"@id\":\"https:\\\/\\\/www.gitedurancdefigere.fr\\\/#\\\/schema\\\/logo\\\/image\\\/\"}}]}<\/script>\n<!-- \/ Yoast SEO plugin. -->","yoast_head_json":{"title":"Tarifs - Gitedurancdefigere","robots":{"index":"index","follow":"follow","max-snippet":"max-snippet:-1","max-image-preview":"max-image-preview:large","max-video-preview":"max-video-preview:-1"},"canonical":"https:\/\/www.gitedurancdefigere.fr\/?page_id=343","og_locale":"fr_FR","og_type":"article","og_title":"Tarifs - Gitedurancdefigere","og_description":"R\u00e9servez en toute confiance directement aupr\u00e8s du propri\u00e9taire.Vous \u00e9vitez des frais de 15 % de paiement en ligne exig\u00e9s par les grandes plateformes.Notre g\u00eete est class\u00e9 meubl\u00e9 de tourisme 4 \u00e9toiles depuis 2005. Tarif 2026 par semaine (\u20acuro) [6\/04\u201323\/05]+[26\/09\u201331\/10] :1396\u20ac [23\/05 &#8211; 13\/06] + [12\/09-26\/09] :1535\u20ac [13\/06 &#8211; 20\/06] + [05\/09-12\/09] :1735\u20ac [20\/06 &#8211; 27\/06]+(29\/08-5\/09) &hellip; Tarifs Lire la suite\u00a0\u00bb","og_url":"https:\/\/www.gitedurancdefigere.fr\/?page_id=343","og_site_name":"Gitedurancdefigere","article_modified_time":"2025-11-22T16:24:53+00:00","twitter_card":"summary_large_image","twitter_misc":{"Dur\u00e9e de lecture estim\u00e9e":"2 minutes"},"schema":{"@context":"https:\/\/schema.org","@graph":[{"@type":"WebPage","@id":"https:\/\/www.gitedurancdefigere.fr\/?page_id=343","url":"https:\/\/www.gitedurancdefigere.fr\/?page_id=343","name":"Tarifs - Gitedurancdefigere","isPartOf":{"@id":"https:\/\/www.gitedurancdefigere.fr\/#website"},"datePublished":"2021-04-06T15:04:41+00:00","dateModified":"2025-11-22T16:24:53+00:00","breadcrumb":{"@id":"https:\/\/www.gitedurancdefigere.fr\/?page_id=343#breadcrumb"},"inLanguage":"fr-FR","potentialAction":[{"@type":"ReadAction","target":["https:\/\/www.gitedurancdefigere.fr\/?page_id=343"]}]},{"@type":"BreadcrumbList","@id":"https:\/\/www.gitedurancdefigere.fr\/?page_id=343#breadcrumb","itemListElement":[{"@type":"ListItem","position":1,"name":"Accueil","item":"https:\/\/www.gitedurancdefigere.fr\/"},{"@type":"ListItem","position":2,"name":"Tarifs"}]},{"@type":"WebSite","@id":"https:\/\/www.gitedurancdefigere.fr\/#website","url":"https:\/\/www.gitedurancdefigere.fr\/","name":"Gite du Ranc de Fig\u00e8re","description":"Gite du Ranc de Fig\u00e8re","publisher":{"@id":"https:\/\/www.gitedurancdefigere.fr\/#organization"},"potentialAction":[{"@type":"SearchAction","target":{"@type":"EntryPoint","urlTemplate":"https:\/\/www.gitedurancdefigere.fr\/?s={search_term_string}"},"query-input":{"@type":"PropertyValueSpecification","valueRequired":true,"valueName":"search_term_string"}}],"inLanguage":"fr-FR"},{"@type":"Organization","@id":"https:\/\/www.gitedurancdefigere.fr\/#organization","name":"G\u00eete du Ranc de Fig\u00e8re","url":"https:\/\/www.gitedurancdefigere.fr\/","logo":{"@type":"ImageObject","inLanguage":"fr-FR","@id":"https:\/\/www.gitedurancdefigere.fr\/#\/schema\/logo\/image\/","url":"https:\/\/www.gitedurancdefigere.fr\/wp-content\/uploads\/2021\/04\/Capture.JPG-9-avril-21-22h.jpg","contentUrl":"https:\/\/www.gitedurancdefigere.fr\/wp-content\/uploads\/2021\/04\/Capture.JPG-9-avril-21-22h.jpg","width":961,"height":745,"caption":"G\u00eete du Ranc de Fig\u00e8re"},"image":{"@id":"https:\/\/www.gitedurancdefigere.fr\/#\/schema\/logo\/image\/"}}]}},"_links":{"self":[{"href":"https:\/\/www.gitedurancdefigere.fr\/index.php?rest_route=\/wp\/v2\/pages\/343","targetHints":{"allow":["GET"]}}],"collection":[{"href":"https:\/\/www.gitedurancdefigere.fr\/index.php?rest_route=\/wp\/v2\/pages"}],"about":[{"href":"https:\/\/www.gitedurancdefigere.fr\/index.php?rest_route=\/wp\/v2\/types\/page"}],"author":[{"embeddable":true,"href":"https:\/\/www.gitedurancdefigere.fr\/index.php?rest_route=\/wp\/v2\/users\/1"}],"replies":[{"embeddable":true,"href":"https:\/\/www.gitedurancdefigere.fr\/index.php?rest_route=%2Fwp%2Fv2%2Fcomments&post=343"}],"version-history":[{"count":172,"href":"https:\/\/www.gitedurancdefigere.fr\/index.php?rest_route=\/wp\/v2\/pages\/343\/revisions"}],"predecessor-version":[{"id":2452,"href":"https:\/\/www.gitedurancdefigere.fr\/index.php?rest_route=\/wp\/v2\/pages\/343\/revisions\/2452"}],"wp:attachment":[{"href":"https:\/\/www.gitedurancdefigere.fr\/index.php?rest_route=%2Fwp%2Fv2%2Fmedia&parent=343"}],"curies":[{"name":"wp","href":"https:\/\/api.w.org\/{rel}","templated":true}]}}